{"id":17760,"date":"2023-12-20T10:55:48","date_gmt":"2023-12-20T10:55:48","guid":{"rendered":"https:\/\/willyvastiau.be\/?post_type=product&#038;p=17760"},"modified":"2023-12-20T11:00:16","modified_gmt":"2023-12-20T11:00:16","slug":"canape-chilux","status":"publish","type":"product","link":"https:\/\/willyvastiau.be\/fr\/produit\/canape-chilux\/","title":{"rendered":"Canap\u00e9 Chilux"},"content":{"rendered":"<p>La qualit\u00e9 exceptionnelle des mat\u00e9riaux et l&rsquo;attention port\u00e9e aux d\u00e9tails garantissent non seulement une apparence chic, mais \u00e9galement un confort exceptionnel. Les coussins g\u00e9n\u00e9reux et la structure robuste font du canap\u00e9 Chilux un havre de d\u00e9tente id\u00e9al pour les amateurs de design et de bien-\u00eatre.<\/p>\n<p>Disponible dans une palette de couleurs contemporaines, le canap\u00e9 modulable Chilux devient le point focal de votre salon, mariant \u00e0 la perfection style moderne et confort optimal. Red\u00e9finissez votre espace de vie avec ce canap\u00e9 modulaire qui incarne l&rsquo;\u00e9l\u00e9gance et la praticit\u00e9 dans une seule pi\u00e8ce de mobilier.<\/p>\n","protected":false},"excerpt":{"rendered":"<p>Plongez dans le summum du confort et du design contemporain avec le canap\u00e9 modulable Chilux de chez Grafu. Con\u00e7u pour r\u00e9pondre aux besoins changeants de votre espace de vie, ce canap\u00e9 allie \u00e9l\u00e9gance et polyvalence.<\/p>\n<p>Le Chilux s\u00e9duit par ses lignes \u00e9pur\u00e9es et son esth\u00e9tique moderne, ajoutant une note de sophistication \u00e0 votre int\u00e9rieur. Sa modularit\u00e9 intelligente vous offre la libert\u00e9 de cr\u00e9er une disposition qui s&rsquo;adapte parfaitement \u00e0 votre style de vie, que ce soit pour des moments de d\u00e9tente d\u00e9contract\u00e9e ou des rassemblements anim\u00e9s.<\/p>\n<p>&nbsp;<\/p>\n","protected":false},"featured_media":17761,"comment_status":"open","ping_status":"closed","template":"","meta":{"inline_featured_image":false},"pwb-brand":[1067],"product_brand":[],"product_cat":[577,77],"product_tag":[],"class_list":{"0":"post-17760","1":"product","2":"type-product","3":"status-publish","4":"has-post-thumbnail","6":"pwb-brand-grafu","7":"product_cat-canape","8":"product_cat-salon","10":"first","11":"instock","12":"shipping-taxable","13":"product-type-simple"},"aioseo_notices":[],"brands":[{"id":1067,"name":"Grafu","slug":"grafu"}],"_links":{"self":[{"href":"https:\/\/willyvastiau.be\/fr\/wp-json\/wp\/v2\/product\/17760","targetHints":{"allow":["GET"]}}],"collection":[{"href":"https:\/\/willyvastiau.be\/fr\/wp-json\/wp\/v2\/product"}],"about":[{"href":"https:\/\/willyvastiau.be\/fr\/wp-json\/wp\/v2\/types\/product"}],"replies":[{"embeddable":true,"href":"https:\/\/willyvastiau.be\/fr\/wp-json\/wp\/v2\/comments?post=17760"}],"wp:featuredmedia":[{"embeddable":true,"href":"https:\/\/willyvastiau.be\/fr\/wp-json\/wp\/v2\/media\/17761"}],"wp:attachment":[{"href":"https:\/\/willyvastiau.be\/fr\/wp-json\/wp\/v2\/media?parent=17760"}],"wp:term":[{"taxonomy":"pwb-brand","embeddable":true,"href":"https:\/\/willyvastiau.be\/fr\/wp-json\/wp\/v2\/pwb-brand?post=17760"},{"taxonomy":"product_brand","embeddable":true,"href":"https:\/\/willyvastiau.be\/fr\/wp-json\/wp\/v2\/product_brand?post=17760"},{"taxonomy":"product_cat","embeddable":true,"href":"https:\/\/willyvastiau.be\/fr\/wp-json\/wp\/v2\/product_cat?post=17760"},{"taxonomy":"product_tag","embeddable":true,"href":"https:\/\/willyvastiau.be\/fr\/wp-json\/wp\/v2\/product_tag?post=17760"}],"curies":[{"name":"wp","href":"https:\/\/api.w.org\/{rel}","templated":true}]}}