{"id":18909,"date":"2024-03-14T12:07:46","date_gmt":"2024-03-14T12:07:46","guid":{"rendered":"https:\/\/willyvastiau.be\/?post_type=product&#038;p=18909"},"modified":"2024-03-14T13:07:59","modified_gmt":"2024-03-14T13:07:59","slug":"fauteuil-firana","status":"publish","type":"product","link":"https:\/\/willyvastiau.be\/fr\/produit\/fauteuil-firana\/","title":{"rendered":"Fauteuil Firana"},"content":{"rendered":"<p>Le fauteuil inclinable Firana, con\u00e7u par le talentueux Jacob W\u00fcrtzen, est bien plus qu&rsquo;un simple si\u00e8ge : c&rsquo;est un \u00e9l\u00e9ment essentiel pour votre salon, offrant un \u00e9quilibre parfait entre confort et \u00e9l\u00e9gance. Son rembourrage soigneusement dos\u00e9 procure un confort optimal pour les longues heures pass\u00e9es assis, tout en offrant un soutien exceptionnel pour le dos.<\/p>\n<p>Ce qui distingue le Firana, c&rsquo;est son magnifique design semi-matelass\u00e9 sur le rembourrage du dossier, qui cr\u00e9e une sensation de luxe et de d\u00e9tente. Vous aurez l&rsquo;impression de vous allonger sur un nuage chaque fois que vous vous d\u00e9tendrez dans ce fauteuil.<\/p>\n<p>Le Firana ne se contente pas d&rsquo;\u00eatre confortable, il est \u00e9galement \u00e9l\u00e9gant et polyvalent. Ses ailes de dossier offrent une certaine intimit\u00e9 selon votre humeur, tandis que son pi\u00e8tement pivotant offre une amplitude de mouvements qui optimise votre confort. De plus, avec le choix entre plusieurs options d&#8217;empi\u00e8tements, de tissus et de couleurs, vous pouvez personnaliser ce fauteuil classique pour qu&rsquo;il s&rsquo;int\u00e8gre parfaitement \u00e0 votre d\u00e9coration int\u00e9rieure.<\/p>\n<p>Que vous optiez pour le repose-pied assorti ou non, vous pouvez \u00eatre assur\u00e9 de la qualit\u00e9 et de la durabilit\u00e9 du Firana, qui b\u00e9n\u00e9ficie d&rsquo;une garantie de 10 ans sur sa mousse dynamique, son cadre int\u00e9rieur et ses ressorts. Avec le fauteuil inclinable Firana, vous pouvez cr\u00e9er un espace de d\u00e9tente luxueux et \u00e9l\u00e9gant dans votre salon, o\u00f9 vous pourrez vous d\u00e9tendre et vous reposer en toute tranquillit\u00e9.<\/p>\n","protected":false},"excerpt":{"rendered":"<p>Le fauteuil inclinable Firana, dessin\u00e9 par Jacob W\u00fcrtzen, allie confort et \u00e9l\u00e9gance pour votre salon. Avec un rembourrage parfaitement \u00e9quilibr\u00e9 pour le confort et le soutien du dos, son design semi-matelass\u00e9 offre une exp\u00e9rience de d\u00e9tente luxueuse.<\/p>\n<p>&nbsp;<\/p>\n","protected":false},"featured_media":18911,"comment_status":"open","ping_status":"closed","template":"","meta":{"inline_featured_image":false},"pwb-brand":[1086],"product_brand":[],"product_cat":[87],"product_tag":[],"class_list":{"0":"post-18909","1":"product","2":"type-product","3":"status-publish","4":"has-post-thumbnail","6":"pwb-brand-kebe","7":"product_cat-fauteuil","9":"first","10":"instock","11":"shipping-taxable","12":"product-type-simple"},"aioseo_notices":[],"brands":[{"id":1086,"name":"KEBE","slug":"kebe"}],"_links":{"self":[{"href":"https:\/\/willyvastiau.be\/fr\/wp-json\/wp\/v2\/product\/18909","targetHints":{"allow":["GET"]}}],"collection":[{"href":"https:\/\/willyvastiau.be\/fr\/wp-json\/wp\/v2\/product"}],"about":[{"href":"https:\/\/willyvastiau.be\/fr\/wp-json\/wp\/v2\/types\/product"}],"replies":[{"embeddable":true,"href":"https:\/\/willyvastiau.be\/fr\/wp-json\/wp\/v2\/comments?post=18909"}],"wp:featuredmedia":[{"embeddable":true,"href":"https:\/\/willyvastiau.be\/fr\/wp-json\/wp\/v2\/media\/18911"}],"wp:attachment":[{"href":"https:\/\/willyvastiau.be\/fr\/wp-json\/wp\/v2\/media?parent=18909"}],"wp:term":[{"taxonomy":"pwb-brand","embeddable":true,"href":"https:\/\/willyvastiau.be\/fr\/wp-json\/wp\/v2\/pwb-brand?post=18909"},{"taxonomy":"product_brand","embeddable":true,"href":"https:\/\/willyvastiau.be\/fr\/wp-json\/wp\/v2\/product_brand?post=18909"},{"taxonomy":"product_cat","embeddable":true,"href":"https:\/\/willyvastiau.be\/fr\/wp-json\/wp\/v2\/product_cat?post=18909"},{"taxonomy":"product_tag","embeddable":true,"href":"https:\/\/willyvastiau.be\/fr\/wp-json\/wp\/v2\/product_tag?post=18909"}],"curies":[{"name":"wp","href":"https:\/\/api.w.org\/{rel}","templated":true}]}}